{"version":"1.0","provider_name":"Jurif Advocats Consultors","provider_url":"https:\/\/www.jurif.com\/es\/","title":"\u00bfSe puede solicitar la baja por reglas dolorosas? - Jurif Advocats Consultors","type":"rich","width":600,"height":338,"html":"<blockquote class=\"wp-embedded-content\" data-secret=\"TOTXvJVtzt\"><a href=\"https:\/\/www.jurif.com\/es\/se-puede-solicitar-la-baja-por-reglas-dolorosas\/\">\u00bfSe puede solicitar la baja por reglas dolorosas?<\/a><\/blockquote><iframe sandbox=\"allow-scripts\" security=\"restricted\" src=\"https:\/\/www.jurif.com\/es\/se-puede-solicitar-la-baja-por-reglas-dolorosas\/embed\/#?secret=TOTXvJVtzt\" width=\"600\" height=\"338\" title=\"\u00ab\u00bfSe puede solicitar la baja por reglas dolorosas?\u00bb \u2014 Jurif Advocats Consultors\" data-secret=\"TOTXvJVtzt\" frameborder=\"0\" marginwidth=\"0\" marginheight=\"0\" scrolling=\"no\" class=\"wp-embedded-content\"><\/iframe><script type=\"text\/javascript\">\n\/* <![CDATA[ *\/\n\/*! This file is auto-generated *\/\n!function(d,l){\"use strict\";l.querySelector&&d.addEventListener&&\"undefined\"!=typeof URL&&(d.wp=d.wp||{},d.wp.receiveEmbedMessage||(d.wp.receiveEmbedMessage=function(e){var t=e.data;if((t||t.secret||t.message||t.value)&&!\/[^a-zA-Z0-9]\/.test(t.secret)){for(var s,r,n,a=l.querySelectorAll('iframe[data-secret=\"'+t.secret+'\"]'),o=l.querySelectorAll('blockquote[data-secret=\"'+t.secret+'\"]'),c=new RegExp(\"^https?:$\",\"i\"),i=0;i<o.length;i++)o[i].style.display=\"none\";for(i=0;i<a.length;i++)s=a[i],e.source===s.contentWindow&&(s.removeAttribute(\"style\"),\"height\"===t.message?(1e3<(r=parseInt(t.value,10))?r=1e3:~~r<200&&(r=200),s.height=r):\"link\"===t.message&&(r=new URL(s.getAttribute(\"src\")),n=new URL(t.value),c.test(n.protocol))&&n.host===r.host&&l.activeElement===s&&(d.top.location.href=t.value))}},d.addEventListener(\"message\",d.wp.receiveEmbedMessage,!1),l.addEventListener(\"DOMContentLoaded\",function(){for(var e,t,s=l.querySelectorAll(\"iframe.wp-embedded-content\"),r=0;r<s.length;r++)(t=(e=s[r]).getAttribute(\"data-secret\"))||(t=Math.random().toString(36).substring(2,12),e.src+=\"#?secret=\"+t,e.setAttribute(\"data-secret\",t)),e.contentWindow.postMessage({message:\"ready\",secret:t},\"*\")},!1)))}(window,document);\n\/* ]]> *\/\n<\/script>\n","thumbnail_url":"https:\/\/www.jurif.com\/wp-content\/uploads\/2023\/07\/jurif-blog-dolor-regla.jpg","thumbnail_width":1920,"thumbnail_height":1080,"description":"A partir del 01 de junio del 2023 en Ley Org\u00e1nica 1\/2023, de 28 de febrero (BOE 01\/03\/2023) se reconoce la baja por menstruaci\u00f3n dolorosa.  Pero tal como se especifica en la ley esta ser\u00e1 de aplicaci\u00f3n para las mujeres que padezcan una menstruaci\u00f3n incapacitante secundaria, es decir, que tengan dolores menstruales generados por una patolog\u00eda previamente diagnosticada como ser\u00eda por ejemplo una endometriosis."}