{"id":711,"date":"2023-07-06T10:32:42","date_gmt":"2023-07-06T10:32:42","guid":{"rendered":"https:\/\/www.jurif.com\/joaquim-juncosa-bartoli\/"},"modified":"2024-07-10T12:15:00","modified_gmt":"2024-07-10T10:15:00","slug":"joaquim-juncosa-bartoli","status":"publish","type":"page","link":"https:\/\/www.jurif.com\/es\/joaquim-juncosa-bartoli\/","title":{"rendered":"Joaquim Juncosa Bartoli"},"content":{"rendered":"<div id='av-layout-grid-1'  class='av-layout-grid-container av-s6lor-d63cc50e284bd69896961a1ede12254a entry-content-wrapper main_color av-flex-cells  avia-builder-el-0  avia-builder-el-no-sibling   container_wrap fullsize'  >\n<div class='flex_cell av-ipxsr-480b907b14e09263a1c3b2f3cc1638dc av-gridrow-cell av_one_third no_margin  avia-builder-el-1  el_before_av_cell_one_third  avia-builder-el-first '  ><div class='flex_cell_inner'>\n<style type=\"text\/css\" data-created_by=\"avia_inline_auto\" id=\"style-css-av-libh86u7-9682bbf8c9da6092a2ead0b0c3678e4c\">\n.avia-image-container.av-libh86u7-9682bbf8c9da6092a2ead0b0c3678e4c img.avia_image{\nbox-shadow:none;\n}\n.avia-image-container.av-libh86u7-9682bbf8c9da6092a2ead0b0c3678e4c .av-image-caption-overlay-center{\ncolor:#ffffff;\n}\n<\/style>\n<div  class='avia-image-container av-libh86u7-9682bbf8c9da6092a2ead0b0c3678e4c av-styling- avia-align-center  avia-builder-el-2  avia-builder-el-no-sibling '   itemprop=\"image\" itemscope=\"itemscope\" itemtype=\"https:\/\/schema.org\/ImageObject\" ><div class=\"avia-image-container-inner\"><div class=\"avia-image-overlay-wrap\"><img decoding=\"async\" fetchpriority=\"high\" class='wp-image-919 avia-img-lazy-loading-not-919 avia_image ' src=\"https:\/\/www.jurif.com\/wp-content\/uploads\/2023\/07\/Joaquim-in.jpg\" alt='' title='Joaquim-in'  height=\"500\" width=\"500\"  itemprop=\"thumbnailUrl\" srcset=\"https:\/\/www.jurif.com\/wp-content\/uploads\/2023\/07\/Joaquim-in.jpg 500w, https:\/\/www.jurif.com\/wp-content\/uploads\/2023\/07\/Joaquim-in-300x300.jpg 300w, https:\/\/www.jurif.com\/wp-content\/uploads\/2023\/07\/Joaquim-in-80x80.jpg 80w, https:\/\/www.jurif.com\/wp-content\/uploads\/2023\/07\/Joaquim-in-36x36.jpg 36w, https:\/\/www.jurif.com\/wp-content\/uploads\/2023\/07\/Joaquim-in-180x180.jpg 180w\" sizes=\"(max-width: 500px) 100vw, 500px\" \/><\/div><\/div><\/div>\n<\/div><\/div><div class='flex_cell av-h1jez-0197c6a458bc97adf40c6b735a7eda14 av-gridrow-cell av_one_third no_margin  avia-builder-el-3  el_after_av_cell_one_third  el_before_av_cell_one_third '  ><div class='flex_cell_inner'><div  class='flex_column av-eg3zn-abc876e736ee54cbdbac09499578c1d4 av_one_full  avia-builder-el-4  avia-builder-el-no-sibling  first flex_column_div  '     ><p>\n<style type=\"text\/css\" data-created_by=\"avia_inline_auto\" id=\"style-css-av-libq9hrx-8d3691cf8ad6ef8477a621fa37ee7812\">\n#top .av-special-heading.av-libq9hrx-8d3691cf8ad6ef8477a621fa37ee7812{\nmargin:0 0 0 0;\npadding-bottom:0;\n}\nbody .av-special-heading.av-libq9hrx-8d3691cf8ad6ef8477a621fa37ee7812 .av-special-heading-tag .heading-char{\nfont-size:25px;\n}\n#top #wrap_all .av-special-heading.av-libq9hrx-8d3691cf8ad6ef8477a621fa37ee7812 .av-special-heading-tag{\npadding:0 0 0 0;\n}\n.av-special-heading.av-libq9hrx-8d3691cf8ad6ef8477a621fa37ee7812 .av-subheading{\nfont-size:15px;\n}\n<\/style>\n<div  class='av-special-heading av-libq9hrx-8d3691cf8ad6ef8477a621fa37ee7812 av-special-heading-h3  avia-builder-el-5  el_before_av_heading  avia-builder-el-first '><h3 class='av-special-heading-tag '  itemprop=\"headline\"  >Joaquim Juncosa Bartoli<\/h3><div class=\"special-heading-border\"><div class=\"special-heading-inner-border\"><\/div><\/div><\/div><br \/>\n\n<style type=\"text\/css\" data-created_by=\"avia_inline_auto\" id=\"style-css-av-libq9lvg-db2d72a53159187d74150f4406160b6c\">\n#top .av-special-heading.av-libq9lvg-db2d72a53159187d74150f4406160b6c{\nmargin:0 0 0 0;\npadding-bottom:0;\n}\nbody .av-special-heading.av-libq9lvg-db2d72a53159187d74150f4406160b6c .av-special-heading-tag .heading-char{\nfont-size:25px;\n}\n#top #wrap_all .av-special-heading.av-libq9lvg-db2d72a53159187d74150f4406160b6c .av-special-heading-tag{\npadding:0 0 0 0;\n}\n.av-special-heading.av-libq9lvg-db2d72a53159187d74150f4406160b6c .av-subheading{\nfont-size:15px;\n}\n<\/style>\n<div  class='av-special-heading av-libq9lvg-db2d72a53159187d74150f4406160b6c av-special-heading-h3 meta-heading  avia-builder-el-6  el_after_av_heading  el_before_av_hr '><h3 class='av-special-heading-tag '  itemprop=\"headline\"  >Socio-Director<\/h3><div class=\"special-heading-border\"><div class=\"special-heading-inner-border\"><\/div><\/div><\/div><br \/>\n\n<style type=\"text\/css\" data-created_by=\"avia_inline_auto\" id=\"style-css-av-akkub-9cff6c40ecf78e1ef725f015d789c4db\">\n#top .hr.av-akkub-9cff6c40ecf78e1ef725f015d789c4db{\nmargin-top:0px;\nmargin-bottom:0px;\n}\n.hr.av-akkub-9cff6c40ecf78e1ef725f015d789c4db .hr-inner{\nwidth:100px;\nborder-color:#881B2C;\n}\n<\/style>\n<div  class='hr av-akkub-9cff6c40ecf78e1ef725f015d789c4db hr-custom  avia-builder-el-7  el_after_av_heading  el_before_av_textblock  hr-left hr-icon-no'><span class='hr-inner inner-border-av-border-thin'><span class=\"hr-inner-style\"><\/span><\/span><\/div><br \/>\n<section  class='av_textblock_section av-atuy3-d459759115dd16dce1367ea260008f5c '   itemscope=\"itemscope\" itemtype=\"https:\/\/schema.org\/CreativeWork\" ><div class='avia_textblock'  itemprop=\"text\" ><p>Abogado. Licenciado en Derecho por la Universidad de Barcelona 1990-1995<\/p>\n<p>Miembro del Ilustre Colegio de Abogados de Barcelona desde 1996, formando parte del Turno de oficio penal y civil hasta 2020.<\/p>\n<p>Postgrado de pr\u00e1ctica profesional de la abogac\u00eda por la Universidad Aut\u00f3noma de Barcelona. Especializaci\u00f3n en derecho de familia y master en derecho matrimonial can\u00f3nico.<\/p>\n<p>Especializaci\u00f3n en Derecho Procesal Civil.<\/p>\n<p>Especializaci\u00f3n en derecho de sucesiones, asistiendo, entre otros clientes, como asesor legal de la asociaci\u00f3n espa\u00f1ola contra el c\u00e1ncer.<\/p>\n<p>Miembro de la FLG defendiendo los derechos del colectivo LGTBI.<\/p>\n<p>Especializaci\u00f3n en adopciones y acogimientos.<\/p>\n<\/div><\/section><\/p><\/div>\n<\/div><\/div><div class='flex_cell av-7c8kj-f584ae58ce4dccf4dd30cbd62b059af3 av-gridrow-cell av_one_third no_margin  avia-builder-el-9  el_after_av_cell_one_third  avia-builder-el-last '  ><div class='flex_cell_inner'><div  class='flex_column av-osyz-e6b0db2d3250b98a9ea3312c25a695fe av_one_full  avia-builder-el-10  avia-builder-el-no-sibling  first flex_column_div  '     ><p>\n<style type=\"text\/css\" data-created_by=\"avia_inline_auto\" id=\"style-css-av-libq8jpt-4fe5dc426ee9d9f562928f3a8f52be01\">\n#top .hr.hr-invisible.av-libq8jpt-4fe5dc426ee9d9f562928f3a8f52be01{\nheight:75px;\n}\n<\/style>\n<div  class='hr av-libq8jpt-4fe5dc426ee9d9f562928f3a8f52be01 hr-invisible  avia-builder-el-11  el_before_av_textblock  avia-builder-el-first '><span class='hr-inner '><span class=\"hr-inner-style\"><\/span><\/span><\/div><br \/>\n<section  class='av_textblock_section av-libh5fe9-992595f5e0da0f2b838b0f89e8c7b150 '   itemscope=\"itemscope\" itemtype=\"https:\/\/schema.org\/CreativeWork\" ><div class='avia_textblock'  itemprop=\"text\" ><p>Especializaci\u00f3n en derecho inmobiliario y gesti\u00f3n patrimonial.<\/p>\n<p>Especializaci\u00f3n en derecho mercantil y concursal ejerciendo durante veinte a\u00f1os como profesor de derecho mercantil acompa\u00f1ando a los alumnos en la creaci\u00f3n de proyectos empresariales.<\/p>\n<p>Joaquim Juncosa se define como un abogado de cabecera que disfruta acompa\u00f1ando a sus clientes\/as en todas las decisiones legales que tengan que ir tomando a lo largo de su vida, buscando si es necesario, los profesionales especializados, que les ayuden a encontrar la mejor soluci\u00f3n jur\u00eddica en cada situaci\u00f3n. Aunque disfruta con cada pleito, est\u00e1 convencido de la necesidad de llegar a acuerdos.<\/p>\n<\/div><\/section><\/p><\/div>\n<\/div><\/div><\/div>\n","protected":false},"excerpt":{"rendered":"","protected":false},"author":3,"featured_media":0,"parent":0,"menu_order":0,"comment_status":"closed","ping_status":"closed","template":"","meta":{"footnotes":""},"class_list":["post-711","page","type-page","status-publish","hentry"],"yoast_head":"<!-- This site is optimized with the Yoast SEO plugin v26.0 - https:\/\/yoast.com\/wordpress\/plugins\/seo\/ -->\n<title>Joaquim Juncosa: Perfil profesional - Jurif Advocats Consultors<\/title>\n<meta name=\"description\" content=\"Conoce la experiencia y las \u00e1reas de especializaci\u00f3n de Joaquim Juncosa, abogado experto en derecho mercantil.\" \/>\n<meta name=\"robots\" content=\"index, follow, max-snippet:-1, max-image-preview:large, max-video-preview:-1\" \/>\n<link rel=\"canonical\" href=\"https:\/\/www.jurif.com\/es\/joaquim-juncosa-bartoli\/\" \/>\n<meta property=\"og:locale\" content=\"es_ES\" \/>\n<meta property=\"og:type\" content=\"article\" \/>\n<meta property=\"og:title\" content=\"Joaquim Juncosa: Perfil profesional - Jurif Advocats Consultors\" \/>\n<meta property=\"og:description\" content=\"Conoce la experiencia y las \u00e1reas de especializaci\u00f3n de Joaquim Juncosa, abogado experto en derecho mercantil.\" \/>\n<meta property=\"og:url\" content=\"https:\/\/www.jurif.com\/es\/joaquim-juncosa-bartoli\/\" \/>\n<meta property=\"og:site_name\" content=\"Jurif Advocats Consultors\" \/>\n<meta property=\"article:modified_time\" content=\"2024-07-10T10:15:00+00:00\" \/>\n<meta name=\"twitter:card\" content=\"summary_large_image\" \/>\n<meta name=\"twitter:label1\" content=\"Tiempo de lectura\" \/>\n\t<meta name=\"twitter:data1\" content=\"2 minutos\" \/>\n<script type=\"application\/ld+json\" class=\"yoast-schema-graph\">{\"@context\":\"https:\/\/schema.org\",\"@graph\":[{\"@type\":\"WebPage\",\"@id\":\"https:\/\/www.jurif.com\/es\/joaquim-juncosa-bartoli\/\",\"url\":\"https:\/\/www.jurif.com\/es\/joaquim-juncosa-bartoli\/\",\"name\":\"Joaquim Juncosa: Perfil profesional - Jurif Advocats Consultors\",\"isPartOf\":{\"@id\":\"https:\/\/www.jurif.com\/#website\"},\"datePublished\":\"2023-07-06T10:32:42+00:00\",\"dateModified\":\"2024-07-10T10:15:00+00:00\",\"description\":\"Conoce la experiencia y las \u00e1reas de especializaci\u00f3n de Joaquim Juncosa, abogado experto en derecho mercantil.\",\"breadcrumb\":{\"@id\":\"https:\/\/www.jurif.com\/es\/joaquim-juncosa-bartoli\/#breadcrumb\"},\"inLanguage\":\"es\",\"potentialAction\":[{\"@type\":\"ReadAction\",\"target\":[\"https:\/\/www.jurif.com\/es\/joaquim-juncosa-bartoli\/\"]}]},{\"@type\":\"BreadcrumbList\",\"@id\":\"https:\/\/www.jurif.com\/es\/joaquim-juncosa-bartoli\/#breadcrumb\",\"itemListElement\":[{\"@type\":\"ListItem\",\"position\":1,\"name\":\"Inici\",\"item\":\"https:\/\/www.jurif.com\/es\/servicios\/\"},{\"@type\":\"ListItem\",\"position\":2,\"name\":\"Joaquim Juncosa Bartoli\"}]},{\"@type\":\"WebSite\",\"@id\":\"https:\/\/www.jurif.com\/#website\",\"url\":\"https:\/\/www.jurif.com\/\",\"name\":\"Jurif Advocats Consultors\",\"description\":\"Advocats, , consultors tributaris i laborals, gestio i assessorament  patrimonial\",\"potentialAction\":[{\"@type\":\"SearchAction\",\"target\":{\"@type\":\"EntryPoint\",\"urlTemplate\":\"https:\/\/www.jurif.com\/?s={search_term_string}\"},\"query-input\":{\"@type\":\"PropertyValueSpecification\",\"valueRequired\":true,\"valueName\":\"search_term_string\"}}],\"inLanguage\":\"es\"}]}<\/script>\n<!-- \/ Yoast SEO plugin. -->","yoast_head_json":{"title":"Joaquim Juncosa: Perfil profesional - Jurif Advocats Consultors","description":"Conoce la experiencia y las \u00e1reas de especializaci\u00f3n de Joaquim Juncosa, abogado experto en derecho mercantil.","robots":{"index":"index","follow":"follow","max-snippet":"max-snippet:-1","max-image-preview":"max-image-preview:large","max-video-preview":"max-video-preview:-1"},"canonical":"https:\/\/www.jurif.com\/es\/joaquim-juncosa-bartoli\/","og_locale":"es_ES","og_type":"article","og_title":"Joaquim Juncosa: Perfil profesional - Jurif Advocats Consultors","og_description":"Conoce la experiencia y las \u00e1reas de especializaci\u00f3n de Joaquim Juncosa, abogado experto en derecho mercantil.","og_url":"https:\/\/www.jurif.com\/es\/joaquim-juncosa-bartoli\/","og_site_name":"Jurif Advocats Consultors","article_modified_time":"2024-07-10T10:15:00+00:00","twitter_card":"summary_large_image","twitter_misc":{"Tiempo de lectura":"2 minutos"},"schema":{"@context":"https:\/\/schema.org","@graph":[{"@type":"WebPage","@id":"https:\/\/www.jurif.com\/es\/joaquim-juncosa-bartoli\/","url":"https:\/\/www.jurif.com\/es\/joaquim-juncosa-bartoli\/","name":"Joaquim Juncosa: Perfil profesional - Jurif Advocats Consultors","isPartOf":{"@id":"https:\/\/www.jurif.com\/#website"},"datePublished":"2023-07-06T10:32:42+00:00","dateModified":"2024-07-10T10:15:00+00:00","description":"Conoce la experiencia y las \u00e1reas de especializaci\u00f3n de Joaquim Juncosa, abogado experto en derecho mercantil.","breadcrumb":{"@id":"https:\/\/www.jurif.com\/es\/joaquim-juncosa-bartoli\/#breadcrumb"},"inLanguage":"es","potentialAction":[{"@type":"ReadAction","target":["https:\/\/www.jurif.com\/es\/joaquim-juncosa-bartoli\/"]}]},{"@type":"BreadcrumbList","@id":"https:\/\/www.jurif.com\/es\/joaquim-juncosa-bartoli\/#breadcrumb","itemListElement":[{"@type":"ListItem","position":1,"name":"Inici","item":"https:\/\/www.jurif.com\/es\/servicios\/"},{"@type":"ListItem","position":2,"name":"Joaquim Juncosa Bartoli"}]},{"@type":"WebSite","@id":"https:\/\/www.jurif.com\/#website","url":"https:\/\/www.jurif.com\/","name":"Jurif Advocats Consultors","description":"Advocats, , consultors tributaris i laborals, gestio i assessorament  patrimonial","potentialAction":[{"@type":"SearchAction","target":{"@type":"EntryPoint","urlTemplate":"https:\/\/www.jurif.com\/?s={search_term_string}"},"query-input":{"@type":"PropertyValueSpecification","valueRequired":true,"valueName":"search_term_string"}}],"inLanguage":"es"}]}},"_links":{"self":[{"href":"https:\/\/www.jurif.com\/es\/wp-json\/wp\/v2\/pages\/711","targetHints":{"allow":["GET"]}}],"collection":[{"href":"https:\/\/www.jurif.com\/es\/wp-json\/wp\/v2\/pages"}],"about":[{"href":"https:\/\/www.jurif.com\/es\/wp-json\/wp\/v2\/types\/page"}],"author":[{"embeddable":true,"href":"https:\/\/www.jurif.com\/es\/wp-json\/wp\/v2\/users\/3"}],"replies":[{"embeddable":true,"href":"https:\/\/www.jurif.com\/es\/wp-json\/wp\/v2\/comments?post=711"}],"version-history":[{"count":3,"href":"https:\/\/www.jurif.com\/es\/wp-json\/wp\/v2\/pages\/711\/revisions"}],"predecessor-version":[{"id":1564,"href":"https:\/\/www.jurif.com\/es\/wp-json\/wp\/v2\/pages\/711\/revisions\/1564"}],"wp:attachment":[{"href":"https:\/\/www.jurif.com\/es\/wp-json\/wp\/v2\/media?parent=711"}],"curies":[{"name":"wp","href":"https:\/\/api.w.org\/{rel}","templated":true}]}}