{"id":789,"date":"2023-07-10T08:04:25","date_gmt":"2023-07-10T08:04:25","guid":{"rendered":"https:\/\/www.jurif.com\/silvia-broncano\/"},"modified":"2024-07-10T12:26:15","modified_gmt":"2024-07-10T10:26:15","slug":"silvia-broncano","status":"publish","type":"page","link":"https:\/\/www.jurif.com\/es\/silvia-broncano\/","title":{"rendered":"Silvia Broncano"},"content":{"rendered":"<div id='av-layout-grid-1'  class='av-layout-grid-container av-qsrpf-4f52e8e1f6c37d4d00f6fc6dbb82837d entry-content-wrapper main_color av-flex-cells  avia-builder-el-0  avia-builder-el-no-sibling   container_wrap fullsize'  >\n<div class='flex_cell av-izhxn-4f90f5676849fbc2612dcd04f8af842d av-gridrow-cell av_one_third no_margin  avia-builder-el-1  el_before_av_cell_one_third  avia-builder-el-first '  ><div class='flex_cell_inner'><div  class='flex_column av-boqtv-66e42f9ca5507845daf25d995cc9c95a av_one_full  avia-builder-el-2  avia-builder-el-no-sibling  first flex_column_div  '     ><style type=\"text\/css\" data-created_by=\"avia_inline_auto\" id=\"style-css-av-libh86u7-746d6201cc5cec986932b9d3d4a9f0f4\">\n.avia-image-container.av-libh86u7-746d6201cc5cec986932b9d3d4a9f0f4 img.avia_image{\nbox-shadow:none;\n}\n.avia-image-container.av-libh86u7-746d6201cc5cec986932b9d3d4a9f0f4 .av-image-caption-overlay-center{\ncolor:#ffffff;\n}\n<\/style>\n<div  class='avia-image-container av-libh86u7-746d6201cc5cec986932b9d3d4a9f0f4 av-styling- avia-align-center  avia-builder-el-3  avia-builder-el-no-sibling '   itemprop=\"image\" itemscope=\"itemscope\" itemtype=\"https:\/\/schema.org\/ImageObject\" ><div class=\"avia-image-container-inner\"><div class=\"avia-image-overlay-wrap\"><img decoding=\"async\" fetchpriority=\"high\" class='wp-image-921 avia-img-lazy-loading-not-921 avia_image ' src=\"https:\/\/www.jurif.com\/wp-content\/uploads\/2023\/07\/Silvia-in.jpg\" alt='' title='Silvia-in'  height=\"499\" width=\"500\"  itemprop=\"thumbnailUrl\" srcset=\"https:\/\/www.jurif.com\/wp-content\/uploads\/2023\/07\/Silvia-in.jpg 500w, https:\/\/www.jurif.com\/wp-content\/uploads\/2023\/07\/Silvia-in-300x300.jpg 300w, https:\/\/www.jurif.com\/wp-content\/uploads\/2023\/07\/Silvia-in-80x80.jpg 80w, https:\/\/www.jurif.com\/wp-content\/uploads\/2023\/07\/Silvia-in-36x36.jpg 36w, https:\/\/www.jurif.com\/wp-content\/uploads\/2023\/07\/Silvia-in-180x180.jpg 180w\" sizes=\"(max-width: 500px) 100vw, 500px\" \/><\/div><\/div><\/div><\/div>\n<\/div><\/div><div class='flex_cell av-f9lpv-7fbdc5b97f3efacdb093ba79868e654c av-gridrow-cell av_one_third no_margin  avia-builder-el-4  el_after_av_cell_one_third  el_before_av_cell_one_third '  ><div class='flex_cell_inner'><div  class='flex_column av-eg3zn-abc876e736ee54cbdbac09499578c1d4 av_one_full  avia-builder-el-5  avia-builder-el-no-sibling  first flex_column_div  '     ><p>\n<style type=\"text\/css\" data-created_by=\"avia_inline_auto\" id=\"style-css-av-libq9hrx-aef7d4a7ebf8609b3a575dea5295f893\">\n#top .av-special-heading.av-libq9hrx-aef7d4a7ebf8609b3a575dea5295f893{\nmargin:0 0 0 0;\npadding-bottom:0;\n}\nbody .av-special-heading.av-libq9hrx-aef7d4a7ebf8609b3a575dea5295f893 .av-special-heading-tag .heading-char{\nfont-size:25px;\n}\n#top #wrap_all .av-special-heading.av-libq9hrx-aef7d4a7ebf8609b3a575dea5295f893 .av-special-heading-tag{\npadding:0 0 0 0;\n}\n.av-special-heading.av-libq9hrx-aef7d4a7ebf8609b3a575dea5295f893 .av-subheading{\nfont-size:15px;\n}\n<\/style>\n<div  class='av-special-heading av-libq9hrx-aef7d4a7ebf8609b3a575dea5295f893 av-special-heading-h3  avia-builder-el-6  el_before_av_heading  avia-builder-el-first '><h3 class='av-special-heading-tag '  itemprop=\"headline\"  >S\u00edlvia Broncano<\/h3><div class=\"special-heading-border\"><div class=\"special-heading-inner-border\"><\/div><\/div><\/div><br \/>\n\n<style type=\"text\/css\" data-created_by=\"avia_inline_auto\" id=\"style-css-av-libq9lvg-4092734d9631beafaf7db795bd2d81bc\">\n#top .av-special-heading.av-libq9lvg-4092734d9631beafaf7db795bd2d81bc{\nmargin:0 0 0 0;\npadding-bottom:0;\n}\nbody .av-special-heading.av-libq9lvg-4092734d9631beafaf7db795bd2d81bc .av-special-heading-tag .heading-char{\nfont-size:25px;\n}\n#top #wrap_all .av-special-heading.av-libq9lvg-4092734d9631beafaf7db795bd2d81bc .av-special-heading-tag{\npadding:0 0 0 0;\n}\n.av-special-heading.av-libq9lvg-4092734d9631beafaf7db795bd2d81bc .av-subheading{\nfont-size:15px;\n}\n<\/style>\n<div  class='av-special-heading av-libq9lvg-4092734d9631beafaf7db795bd2d81bc av-special-heading-h3 meta-heading  avia-builder-el-7  el_after_av_heading  el_before_av_hr '><h3 class='av-special-heading-tag '  itemprop=\"headline\"  >S\u00f2cia<\/h3><div class=\"special-heading-border\"><div class=\"special-heading-inner-border\"><\/div><\/div><\/div><br \/>\n\n<style type=\"text\/css\" data-created_by=\"avia_inline_auto\" id=\"style-css-av-akkub-9cff6c40ecf78e1ef725f015d789c4db\">\n#top .hr.av-akkub-9cff6c40ecf78e1ef725f015d789c4db{\nmargin-top:0px;\nmargin-bottom:0px;\n}\n.hr.av-akkub-9cff6c40ecf78e1ef725f015d789c4db .hr-inner{\nwidth:100px;\nborder-color:#881B2C;\n}\n<\/style>\n<div  class='hr av-akkub-9cff6c40ecf78e1ef725f015d789c4db hr-custom  avia-builder-el-8  el_after_av_heading  el_before_av_textblock  hr-left hr-icon-no'><span class='hr-inner inner-border-av-border-thin'><span class=\"hr-inner-style\"><\/span><\/span><\/div><br \/>\n<section  class='av_textblock_section av-atuy3-d459759115dd16dce1367ea260008f5c '   itemscope=\"itemscope\" itemtype=\"https:\/\/schema.org\/CreativeWork\" ><div class='avia_textblock'  itemprop=\"text\" ><p>Abogada. Licenciada en Derecho por la Universidad Pompeu Fabra.<\/p>\n<p>Miembro del Ilustre Colegio de Abogados de Barcelona, \u200b\u200bdesde 2002, ejerciendo durante varios a\u00f1os en el Turno de oficio civil y penal.<\/p>\n<p>M\u00e1ster en Derecho Penal y Ciencias Penales por la Universidad de Barcelona y la Universidad Pompeu Fabra.<\/p>\n<p>Especializaci\u00f3n en derecho penal de menores.<\/p>\n<p>Especializada en derecho de familia.<\/p>\n<p>Especializaci\u00f3n en Responsabilidad Civil.<\/p>\n<p>Especializaci\u00f3n en derecho de la circulaci\u00f3n.<\/p>\n<\/div><\/section><\/p><\/div>\n<\/div><\/div><div class='flex_cell av-6t8xf-36bbeda987af4d32ea56a9c84e676f30 av-gridrow-cell av_one_third no_margin  avia-builder-el-10  el_after_av_cell_one_third  avia-builder-el-last '  ><div class='flex_cell_inner'><div  class='flex_column av-osyz-e6b0db2d3250b98a9ea3312c25a695fe av_one_full  avia-builder-el-11  avia-builder-el-no-sibling  first flex_column_div  '     ><p>\n<style type=\"text\/css\" data-created_by=\"avia_inline_auto\" id=\"style-css-av-libq8jpt-4fe5dc426ee9d9f562928f3a8f52be01\">\n#top .hr.hr-invisible.av-libq8jpt-4fe5dc426ee9d9f562928f3a8f52be01{\nheight:75px;\n}\n<\/style>\n<div  class='hr av-libq8jpt-4fe5dc426ee9d9f562928f3a8f52be01 hr-invisible  avia-builder-el-12  el_before_av_textblock  avia-builder-el-first '><span class='hr-inner '><span class=\"hr-inner-style\"><\/span><\/span><\/div><br \/>\n<section  class='av_textblock_section av-libh5fe9-992595f5e0da0f2b838b0f89e8c7b150 '   itemscope=\"itemscope\" itemtype=\"https:\/\/schema.org\/CreativeWork\" ><div class='avia_textblock'  itemprop=\"text\" ><p>Formada inicialmente en el \u00e1mbito del derecho penal, Silvia Broncano empez\u00f3 su carrera profesional en este \u00e1mbito del derecho especializ\u00e1ndose primero en la vertiente penal de los accidentes de tr\u00e1fico y posteriormente en derecho penal de menores y delitos del \u00e1mbito dom\u00e9stico ( VIDO); lo que le ha llevado posteriormente al ejercicio como abogada de familia en la que se ha desarrollado en los \u00faltimos a\u00f1os de su carrera dando el mejor asesoramiento en situaciones complejas como los divorcios, separaciones e incapacidades. Conoce perfectamente el derecho procesal, lo que le supone una ventaja respecto a otros muchos compa\u00f1eros.<\/p>\n<\/div><\/section><\/p><\/div>\n<\/div><\/div><\/div>\n","protected":false},"excerpt":{"rendered":"","protected":false},"author":3,"featured_media":0,"parent":0,"menu_order":0,"comment_status":"closed","ping_status":"closed","template":"","meta":{"footnotes":""},"class_list":["post-789","page","type-page","status-publish","hentry"],"yoast_head":"<!-- This site is optimized with the Yoast SEO plugin v26.0 - https:\/\/yoast.com\/wordpress\/plugins\/seo\/ -->\n<title>Silvia Broncano: Abogada especializada - Jurif Advocats Consultors<\/title>\n<meta name=\"description\" content=\"Conoce a Silvia Broncano, nuestra abogada especializada en derecho empresarial. Descubre su trayectoria y experiencia profesional.\" \/>\n<meta name=\"robots\" content=\"index, follow, max-snippet:-1, max-image-preview:large, max-video-preview:-1\" \/>\n<link rel=\"canonical\" href=\"https:\/\/www.jurif.com\/es\/silvia-broncano\/\" \/>\n<meta property=\"og:locale\" content=\"es_ES\" \/>\n<meta property=\"og:type\" content=\"article\" \/>\n<meta property=\"og:title\" content=\"Silvia Broncano: Abogada especializada - Jurif Advocats Consultors\" \/>\n<meta property=\"og:description\" content=\"Conoce a Silvia Broncano, nuestra abogada especializada en derecho empresarial. Descubre su trayectoria y experiencia profesional.\" \/>\n<meta property=\"og:url\" content=\"https:\/\/www.jurif.com\/es\/silvia-broncano\/\" \/>\n<meta property=\"og:site_name\" content=\"Jurif Advocats Consultors\" \/>\n<meta property=\"article:modified_time\" content=\"2024-07-10T10:26:15+00:00\" \/>\n<meta name=\"twitter:card\" content=\"summary_large_image\" \/>\n<meta name=\"twitter:label1\" content=\"Tiempo de lectura\" \/>\n\t<meta name=\"twitter:data1\" content=\"2 minutos\" \/>\n<script type=\"application\/ld+json\" class=\"yoast-schema-graph\">{\"@context\":\"https:\/\/schema.org\",\"@graph\":[{\"@type\":\"WebPage\",\"@id\":\"https:\/\/www.jurif.com\/es\/silvia-broncano\/\",\"url\":\"https:\/\/www.jurif.com\/es\/silvia-broncano\/\",\"name\":\"Silvia Broncano: Abogada especializada - Jurif Advocats Consultors\",\"isPartOf\":{\"@id\":\"https:\/\/www.jurif.com\/#website\"},\"datePublished\":\"2023-07-10T08:04:25+00:00\",\"dateModified\":\"2024-07-10T10:26:15+00:00\",\"description\":\"Conoce a Silvia Broncano, nuestra abogada especializada en derecho empresarial. Descubre su trayectoria y experiencia profesional.\",\"breadcrumb\":{\"@id\":\"https:\/\/www.jurif.com\/es\/silvia-broncano\/#breadcrumb\"},\"inLanguage\":\"es\",\"potentialAction\":[{\"@type\":\"ReadAction\",\"target\":[\"https:\/\/www.jurif.com\/es\/silvia-broncano\/\"]}]},{\"@type\":\"BreadcrumbList\",\"@id\":\"https:\/\/www.jurif.com\/es\/silvia-broncano\/#breadcrumb\",\"itemListElement\":[{\"@type\":\"ListItem\",\"position\":1,\"name\":\"Inici\",\"item\":\"https:\/\/www.jurif.com\/es\/servicios\/\"},{\"@type\":\"ListItem\",\"position\":2,\"name\":\"Silvia Broncano\"}]},{\"@type\":\"WebSite\",\"@id\":\"https:\/\/www.jurif.com\/#website\",\"url\":\"https:\/\/www.jurif.com\/\",\"name\":\"Jurif Advocats Consultors\",\"description\":\"Advocats, , consultors tributaris i laborals, gestio i assessorament  patrimonial\",\"potentialAction\":[{\"@type\":\"SearchAction\",\"target\":{\"@type\":\"EntryPoint\",\"urlTemplate\":\"https:\/\/www.jurif.com\/?s={search_term_string}\"},\"query-input\":{\"@type\":\"PropertyValueSpecification\",\"valueRequired\":true,\"valueName\":\"search_term_string\"}}],\"inLanguage\":\"es\"}]}<\/script>\n<!-- \/ Yoast SEO plugin. -->","yoast_head_json":{"title":"Silvia Broncano: Abogada especializada - Jurif Advocats Consultors","description":"Conoce a Silvia Broncano, nuestra abogada especializada en derecho empresarial. Descubre su trayectoria y experiencia profesional.","robots":{"index":"index","follow":"follow","max-snippet":"max-snippet:-1","max-image-preview":"max-image-preview:large","max-video-preview":"max-video-preview:-1"},"canonical":"https:\/\/www.jurif.com\/es\/silvia-broncano\/","og_locale":"es_ES","og_type":"article","og_title":"Silvia Broncano: Abogada especializada - Jurif Advocats Consultors","og_description":"Conoce a Silvia Broncano, nuestra abogada especializada en derecho empresarial. Descubre su trayectoria y experiencia profesional.","og_url":"https:\/\/www.jurif.com\/es\/silvia-broncano\/","og_site_name":"Jurif Advocats Consultors","article_modified_time":"2024-07-10T10:26:15+00:00","twitter_card":"summary_large_image","twitter_misc":{"Tiempo de lectura":"2 minutos"},"schema":{"@context":"https:\/\/schema.org","@graph":[{"@type":"WebPage","@id":"https:\/\/www.jurif.com\/es\/silvia-broncano\/","url":"https:\/\/www.jurif.com\/es\/silvia-broncano\/","name":"Silvia Broncano: Abogada especializada - Jurif Advocats Consultors","isPartOf":{"@id":"https:\/\/www.jurif.com\/#website"},"datePublished":"2023-07-10T08:04:25+00:00","dateModified":"2024-07-10T10:26:15+00:00","description":"Conoce a Silvia Broncano, nuestra abogada especializada en derecho empresarial. Descubre su trayectoria y experiencia profesional.","breadcrumb":{"@id":"https:\/\/www.jurif.com\/es\/silvia-broncano\/#breadcrumb"},"inLanguage":"es","potentialAction":[{"@type":"ReadAction","target":["https:\/\/www.jurif.com\/es\/silvia-broncano\/"]}]},{"@type":"BreadcrumbList","@id":"https:\/\/www.jurif.com\/es\/silvia-broncano\/#breadcrumb","itemListElement":[{"@type":"ListItem","position":1,"name":"Inici","item":"https:\/\/www.jurif.com\/es\/servicios\/"},{"@type":"ListItem","position":2,"name":"Silvia Broncano"}]},{"@type":"WebSite","@id":"https:\/\/www.jurif.com\/#website","url":"https:\/\/www.jurif.com\/","name":"Jurif Advocats Consultors","description":"Advocats, , consultors tributaris i laborals, gestio i assessorament  patrimonial","potentialAction":[{"@type":"SearchAction","target":{"@type":"EntryPoint","urlTemplate":"https:\/\/www.jurif.com\/?s={search_term_string}"},"query-input":{"@type":"PropertyValueSpecification","valueRequired":true,"valueName":"search_term_string"}}],"inLanguage":"es"}]}},"_links":{"self":[{"href":"https:\/\/www.jurif.com\/es\/wp-json\/wp\/v2\/pages\/789","targetHints":{"allow":["GET"]}}],"collection":[{"href":"https:\/\/www.jurif.com\/es\/wp-json\/wp\/v2\/pages"}],"about":[{"href":"https:\/\/www.jurif.com\/es\/wp-json\/wp\/v2\/types\/page"}],"author":[{"embeddable":true,"href":"https:\/\/www.jurif.com\/es\/wp-json\/wp\/v2\/users\/3"}],"replies":[{"embeddable":true,"href":"https:\/\/www.jurif.com\/es\/wp-json\/wp\/v2\/comments?post=789"}],"version-history":[{"count":2,"href":"https:\/\/www.jurif.com\/es\/wp-json\/wp\/v2\/pages\/789\/revisions"}],"predecessor-version":[{"id":1596,"href":"https:\/\/www.jurif.com\/es\/wp-json\/wp\/v2\/pages\/789\/revisions\/1596"}],"wp:attachment":[{"href":"https:\/\/www.jurif.com\/es\/wp-json\/wp\/v2\/media?parent=789"}],"curies":[{"name":"wp","href":"https:\/\/api.w.org\/{rel}","templated":true}]}}